{"id":2914,"date":"2022-07-07T08:53:10","date_gmt":"2022-07-07T06:53:10","guid":{"rendered":"https:\/\/primion.io\/datenschutz\/"},"modified":"2026-02-03T14:34:35","modified_gmt":"2026-02-03T13:34:35","slug":"datenschutz","status":"publish","type":"page","link":"https:\/\/primion.io\/de\/datenschutz\/","title":{"rendered":"Datenschutz"},"content":{"rendered":"\n<section class=\"wp-block-custom-container alignwide block-content  block-content--spacing-top block-content--spacing-bottom\"><style>.block-content{position:relative;border-bottom:1px solid light-dark(#EFEFEF, #243A4D)}.block-content:only-child{border-bottom:0}.block-content--spacing-top{padding-top:4.8rem}@media (min-width: 992px){.block-content--spacing-top{padding-top:9.6rem}}.block-content--spacing-bottom{padding-bottom:2.4rem}@media (min-width: 992px){.block-content--spacing-bottom{padding-bottom:7.2rem}}.block-content--margin-top{margin-top:4.8rem}@media (min-width: 992px){.block-content--margin-top{margin-top:9.6rem}}.block-content--margin-bottom{margin-bottom:4.8rem}@media (min-width: 992px){.block-content--margin-bottom{margin-bottom:9.6rem}}.block-content .container{position:relative;z-index:1}.block-content .container--full{padding:0}.block-content .container .block-content{display:flex;border-bottom:0;border-radius:16px}.block-content .container .block-content .container{padding:2.4rem;padding-bottom:2px}.block-content .container .block-content .container h1,.block-content .container .block-content .container h2,.block-content .container .block-content .container h3,.block-content .container .block-content .container h4,.block-content .container .block-content .container h5,.block-content .container .block-content .container h6,.block-content .container .block-content .container .h1,.block-content .container .block-content .container .h2,.block-content .container .block-content .container .h3,.block-content .container .block-content .container .h4,.block-content .container .block-content .container .h5,.block-content .container .block-content .container .h6{margin-bottom:1.6rem}.block-content .container .col:not(:only-child) .block-content:only-child,.block-content .container .col:not(:only-child) .container:only-child{min-height:100%}.block-content .container-overlay{position:absolute;z-index:0;top:0;right:0;bottom:0;left:0}.block-content.has-primary-background-color:not(:has(.container)){padding:3.2rem 0 !important}.block-content.has-primary-background-color .container{padding:3.2rem !important}.block-content.has-primary-background-color .wp-block-buttons>.wp-block-button:last-child{margin-bottom:0}\n<\/style><div class=\"container container--wide\"><div class=\"container__body\">\n<h1 class=\"wp-block-heading\">Datenschutz<\/h1>\n\n\n<section class=\"block-toc\">\n    <div class=\"block-toc__wrapper\">\n\n                            <div class=\"block-toc__header\">\n                <h3 class=\"block-toc__title\">Inhaltsverzeichnis<\/h3>\n            <\/div>\n        \n                <div class=\"block-toc__content\">\n            <ol><li><a href=\"#informationen-zum-datenschutz\">Informationen zum Datenschutz <\/a><\/li><li><a href=\"#verantwortlicher\">Verantwortlicher<\/a><\/li><li><a href=\"#datenschutzbeauftragter\">Datenschutzbeauftragter  <\/a><\/li><li><a href=\"#allgemeines\">Allgemeines<\/a><\/li><li><a href=\"#begriffsbestimmungen\">Begriffsbestimmungen<\/a><\/li><li><a href=\"#bei-der-nutzung-unserer-website-automatisch-erhobene-daten\">Bei der Nutzung unserer Website automatisch erhobene Daten<\/a><\/li><li><a href=\"#ihre-betroffenen-rechte\">Ihre (Betroffenen-)Rechte<\/a><\/li><li><a href=\"#weitere-datenverarbeitungen\">Weitere Datenverarbeitungen<\/a><\/li><li><a href=\"#einbindung-von-drittanbieter-inhalten\">Einbindung von Drittanbieter-Inhalten<\/a><\/li><li><a href=\"#praesenzen-in-den-sozialen-medien\">Pr\u00e4senzen in den Sozialen Medien<\/a><\/li><li><a href=\"#analyse-tracking-und-drittanbieter\">Analyse, Tracking und Drittanbieter<\/a><\/li><li><a href=\"#datenschutz-einstellungen\">Datenschutz-Einstellungen<\/a><\/li><\/ol><\/ol>        <\/div>\n            <\/div>\n<\/section>\n\n\n<div class=\"wp-block-custom-spacing spacing-element spacing-mobile--medium spacing-tablet--medium spacing-small-desktop--medium spacing-desktop--medium\"><\/div>\n\n\n\n<h2 class=\"wp-block-heading\" class=\"wp-block-heading\" id=\"informationen-zum-datenschutz\"><strong>Informationen zum Datenschutz<\/strong> <\/h2>\n\n\n\n<p>Liebe Leser,<\/p>\n\n\n\n<p>der Schutz Ihrer Daten ist uns ein besonderes Anliegen. Als privates Unternehmen unterliegen wir den Bestimmungen der europ\u00e4ischen Datenschutzgrundverordnung (DSGVO) und den nationalen Gesetzen. Es versteht sich von selbst, dass wir die Anforderungen und Bestimmungen, die sich aus diesen Gesetzen ergeben, einhalten.<\/p>\n\n\n\n<p>Im Folgenden m\u00f6chten wir Sie ausf\u00fchrlich dar\u00fcber informieren, welche personenbezogenen Daten wir auf unserer Website erheben, zu welchem Zweck und wie lange diese Daten gespeichert werden. Dar\u00fcber hinaus ist es uns wichtig, Sie umfassend \u00fcber Ihre Rechte in Bezug auf die Datenverarbeitung zu informieren und dar\u00fcber, wie Sie diese Rechte geltend machen k\u00f6nnen.   <\/p>\n\n\n\n<p>Wenn Sie Fragen oder Anmerkungen zum Datenschutz auf unserer Website haben, k\u00f6nnen Sie sich jederzeit an uns wenden. Sie k\u00f6nnen uns z.B. eine E-Mail an <a href=\"mailto:support@conreri.de\" target=\"_blank\" rel=\"noreferrer noopener\">support@conreri.de<\/a> schicken.   <\/p>\n\n\n\n<div class=\"wp-block-custom-spacing spacing-element spacing-mobile--medium spacing-tablet--medium spacing-small-desktop--medium spacing-desktop--medium\"><\/div>\n\n\n\n<h2 class=\"wp-block-heading\" class=\"wp-block-heading\" id=\"verantwortlicher\"><strong>Verantwortlicher<\/strong><\/h2>\n\n\n\n<p>Verantwortlicher gem\u00e4\u00df Art. 4 Abs. 7 DSGVO sowie sonstiger datenschutzrechtlicher Bestimmungen ist die<\/p>\n\n\n\n<p><strong>Primion Technology GmbH<\/strong> <br>Steinbeisstr. 2-5 <br>72510 Stetten am kalten Markt <br>Telefon: <a href=\"tel:+4975739520\">+49 7573 952-0<\/a> <br>E-Mail: <a href=\"mailto:info@primion.de\" target=\"_blank\" rel=\"noreferrer noopener\">info@primion.de<\/a><br>Website: <a href=\"https:\/\/primion.io\/de\/\" data-type=\"page\" data-id=\"796\">https:\/\/primion.io\/<\/a><\/p>\n\n\n\n<div class=\"wp-block-custom-spacing spacing-element spacing-mobile--medium spacing-tablet--medium spacing-small-desktop--medium spacing-desktop--medium\"><\/div>\n\n\n\n<h2 class=\"wp-block-heading\" class=\"wp-block-heading\" id=\"datenschutzbeauftragter\"><strong>Datenschutzbeauftragter<\/strong>  <\/h2>\n\n\n\n<p>Wenn Sie Fragen oder Anregungen zum Datenschutz und zur Durchsetzung Ihrer Rechte haben, k\u00f6nnen Sie sich auch gerne an unseren Datenschutzbeauftragten wenden:  <\/p>\n\n\n\n<p><strong>conreri digital development GmbH<\/strong> <br>Von-Kurtzrock-Ring 16 <br>22391 Hamburg <br>Tel: <a href=\"tel:+4975739520\">+49 151 61728308<\/a> <br>E-Mail: <a href=\"mailto:support@conreri.de\" target=\"_blank\" rel=\"noreferrer noopener\">support@conreri.de<\/a> <br>Website: <a href=\"https:\/\/conreri.de\/\" target=\"_blank\" rel=\"noreferrer noopener nofollow\">www.conreri.de<\/a><\/p>\n\n\n\n<div class=\"wp-block-custom-spacing spacing-element spacing-mobile--medium spacing-tablet--medium spacing-small-desktop--medium spacing-desktop--medium\"><\/div>\n\n\n\n<h2 class=\"wp-block-heading\" class=\"wp-block-heading\" id=\"allgemeines\">Allgemeines<\/h2>\n\n\n\n<p>Wir erheben auf unseren Webseiten Daten verschiedener Art. Einige Daten werden von uns automatisch bei Ihrer Nutzung unserer Dienste gesammelt, zum Beispiel \u00fcber den Einsatz von sogenannten Cookies. Diese automatisch erhobenen Daten sind zumeist allgemeiner Natur und beinhalten vor allem Informationen rund um die Zugriffsdauer und den Zugriffsort.<br><br>Dar\u00fcber hinaus erheben wir nach Ihrer Einwilligung pers\u00f6nliche Daten und Daten, die von Ihnen freiwillig eingetragen werden, wenn Sie bestimmte Dienste in Anspruch nehmen m\u00f6chten. Eine Nutzung unserer Internetseiten ohne die Angabe von pers\u00f6nlichen Daten ist m\u00f6glich, kann aber in ihrem Umfang teils erheblich eingeschr\u00e4nkt sein.<br><br>\u00dcber die Einwilligung in die Nutzung verschiedener Zwecke und Dienstleister entscheiden Sie bereits beim ersten Aufrufen unserer Webseite. Dabei bleibt es \u2013 bis auf die f\u00fcr den Betrieb der Internetseite unbedingt notwendigen Verarbeitungen \u2013 Ihnen \u00fcberlassen, welche Datenverarbeitungen sie zulassen.<br><br>Aufgrund vieler regulatorischer Ver\u00e4nderungen ist in den letzten Jahren ein umfangreiches Regelungswerk zum Datenschutz entstanden, dass einerseits Datensicherheit gew\u00e4hrleisten und die Rechte der Nutzer st\u00e4rken soll, andererseits aber eine Flut an relevanten Begriffen hervorgebracht hat. Um die nun folgenden genaueren Ausf\u00fchrungen zu erhobenen Daten, gesetzlichen Regelungen und Rechten besser zug\u00e4nglich zu machen, haben wir Ihnen die wichtigsten dieser Begriffe im Folgenden kurz zusammengefasst.<\/p>\n\n\n\n<div class=\"wp-block-custom-spacing spacing-element spacing-mobile--medium spacing-tablet--medium spacing-small-desktop--medium spacing-desktop--medium\"><\/div>\n\n\n\n<h2 class=\"wp-block-heading\" class=\"wp-block-heading\" id=\"begriffsbestimmungen\"><strong>Begriffsbestimmungen<\/strong><\/h2>\n\n\n\n<p>In unseren Datenschutzhinweisen verwenden wir Begriffe, die in der DSGVO verwendet werden und dort definiert sind. Damit Sie wissen, was darunter zu verstehen ist, m\u00f6chten wir die wichtigsten Begriffe erl\u00e4utern.<\/p>\n\n\n\n<h3 class=\"wp-block-heading\"><strong>Auftragsverarbeiter<\/strong><\/h3>\n\n\n\n<p>Ein Auftragsverarbeiter ist eine nat\u00fcrliche oder juristische Person, Beh\u00f6rde, Einrichtung oder andere Stelle, die personenbezogene Daten im Auftrag des Verantwortlichen weisungsgebunden verarbeitet.<\/p>\n\n\n\n<h3 class=\"wp-block-heading\">Consent-Banner<\/h3>\n\n\n\n<p>Als Nutzer haben Sie die M\u00f6glichkeit, einwilligungsbed\u00fcrftigen Verarbeitungen Ihre Zustimmung zu erteilen und diese f\u00fcr die Zukunft zu widerrufen. Diese Entscheidung treffen Sie \u00fcber das sogenannte Consent-Banner, das bereits beim ersten Besuch unserer Webseiten automatisch aufgerufen wird und die wichtigsten Informationen zu den Datenverarbeitungen f\u00fcr Sie bereith\u00e4lt.<\/p>\n\n\n\n<h3 class=\"wp-block-heading\"><strong>Cookies<\/strong> <\/h3>\n\n\n\n<p>Cookies sind Textdateien, die Daten besuchter Webseiten oder Domains enthalten und von einem Browser auf Ger\u00e4ten der Nutzer gespeichert werden. Ein Cookie dient in erster Linie dazu, die Informationen \u00fcber einen Benutzer w\u00e4hrend oder nach seinem Besuch innerhalb eines Online-Angebotes zu speichern. Zu den gespeicherten Angaben k\u00f6nnen z.B. die Spracheinstellungen auf einer Webseite, der Login-Status, ein Warenkorb oder Videointeraktionen geh\u00f6ren. Zu dem Begriff der Cookies z\u00e4hlen ferner andere Technologien, die die gleichen Funktionen wie Cookies erf\u00fcllen (z. B. wenn Angaben der Nutzer anhand pseudonymer Onlinekennzeichnungen gespeichert werden, auch als \u201eNutzer-IDs\u201c bezeichnet). Cookies werden eingesetzt, um Webseiten nutzerfreundlicher zu gestalten. Da Cookies auf dem Rechner des Nutzers gespeichert werden, liegt die Kontrolle \u00fcber die Cookies bei Ihnen. Sie k\u00f6nnen in den Einstellungen des Internetbrowsers \u00c4nderungen in Bezug auf die Nutzung und Speicherung von Cookies vornehmen. Eine Deaktivierung von Cookies f\u00fchrt allerdings in den meisten F\u00e4llen zu einer eingeschr\u00e4nkten Nutzbarkeit unseres Angebotes.<\/p>\n\n\n\n<h3 class=\"wp-block-heading\"><strong>Dritte<\/strong>r<\/h3>\n\n\n\n<p>Ein Dritter ist eine nat\u00fcrliche oder juristische Person, Beh\u00f6rde, Einrichtung oder andere Stelle, au\u00dfer der betroffenen Person, dem Verantwortlichen, dem Auftragsverarbeiter und den Personen, die unter der unmittelbaren Verantwortung des Verantwortlichen oder des Auftragsverarbeiters befugt sind, die personenbezogenen Daten zu verarbeiten.<\/p>\n\n\n\n<h3 class=\"wp-block-heading\"><strong>Einwilligung<\/strong><\/h3>\n\n\n\n<p>Die Einwilligung ist Ausdruck der datenschutzrechtlichen Selbstbestimmung. Sie ist die freiwillige f\u00fcr den bestimmten Fall, in informierter Weise und unmissverst\u00e4ndlich abgegebene Willensbekundung in Form einer Erkl\u00e4rung oder einer sonstigen eindeutigen best\u00e4tigenden Handlung, mit der die betroffene Person zu verstehen gibt, dass sie mit der Verarbeitung der sie betreffenden personenbezogenen Daten einverstanden ist. Eine erteilte Einwilligung kann jederzeit f\u00fcr die Zukunft widerrufen werden.<\/p>\n\n\n\n<h3 class=\"wp-block-heading\"><strong>Empf\u00e4nger<\/strong><\/h3>\n\n\n\n<p>Der Empf\u00e4nger ist eine nat\u00fcrliche oder juristische Person, Beh\u00f6rde, Einrichtung oder andere Stelle, denen personenbezogene Daten offengelegt werden, unabh\u00e4ngig davon, ob es sich bei ihr um einen Dritten handelt oder nicht. Beh\u00f6rden, die im Rahmen eines bestimmten Untersuchungsauftrags nach dem Unionsrecht oder dem Recht der Mitgliedstaaten m\u00f6glicherweise personenbezogene Daten erhalten, gelten jedoch nicht als Empf\u00e4nger.<\/p>\n\n\n\n<h3 class=\"wp-block-heading\"><strong>Personenbezogene Daten<\/strong><\/h3>\n\n\n\n<p>Personenbezogene Daten sind alle Informationen, die sich auf eine identifizierte oder identifizierbare nat\u00fcrliche Person (im Folgenden \u201ebetroffene Person\u201c) beziehen. Als identifizierbar wird eine nat\u00fcrliche Person angesehen, die direkt oder indirekt, insbesondere mittels Zuordnung zu einer Kennung wie einem Namen, zu einer Kennnummer, zu Standortdaten, zu einer Online-Kennung (z.B. IP-Adresse oder Cookies) oder zu einem oder mehreren besonderen Merkmalen, die Ausdruck der physischen, physiologischen, genetischen, psychischen, wirtschaftlichen, kulturellen oder sozialen Identit\u00e4t dieser nat\u00fcrlichen Person sind, identifiziert werden kann.<\/p>\n\n\n\n<h3 class=\"wp-block-heading\"><strong>Pseudonymisierung<\/strong> <\/h3>\n\n\n\n<p>Die Pseudonymisierung ist die Verarbeitung personenbezogener Daten in einer Weise, dass die personenbezogenen Daten ohne Hinzuziehung zus\u00e4tzlicher Informationen nicht mehr einer spezifischen betroffenen Person zugeordnet werden k\u00f6nnen, sofern diese zus\u00e4tzlichen Informationen gesondert aufbewahrt werden und technischen und organisatorischen Ma\u00dfnahmen unterliegen, die gew\u00e4hrleisten, dass die personenbezogenen Daten nicht einer identifizierten oder identifizierbaren nat\u00fcrlichen Person zugewiesen werden.<\/p>\n\n\n\n<h3 class=\"wp-block-heading\"><strong>Telekommunikation-Digitale-Dienste-Datenschutz-Gesetz (TDDDG)<\/strong><\/h3>\n\n\n\n<p>Beim TDDDG handelt es sich um ein Gesetz, welches die Integrit\u00e4t des Endger\u00e4tes und damit die Privatheit der Nutzer sch\u00fctzen soll. Die Rechtsgrundlage f\u00fcr die Speicherung und den Abruf von Informationen in der Endeinrichtung des Endnutzers ist die Einwilligung, nach \u00a7 25 Abs. 1 S. 1 TDDDG. Diese Einwilligung wird beim Aufruf der Webseite abgefragt.<\/p>\n\n\n\n<p>Gem\u00e4\u00df \u00a7 25 Abs. 2 Nr. 2 TDDDG ist eine Einwilligung nicht erforderlich, wenn die Speicherung von Informationen in der Endeinrichtung des Endnutzers oder der Zugriff auf bereits in der Endeinrichtung des Endnutzers gespeicherte Informationen unbedingt erforderlich ist, damit der Anbieter eines Telemediendienstes einen vom Nutzer ausdr\u00fccklich gew\u00fcnschten Telemediendienst zur Verf\u00fcgung stellen kann. Den Cookie-Einstellungen k\u00f6nnen Sie entnehmen, welche Cookies als unbedingt erforderlich einzustufen sind (oft auch als \u201etechnisch notwendige Cookies\u201c bezeichnet), daher unter die Ausnahmeregelung des \u00a7 25 Abs. 2 TDDDG fallen und somit keiner Einwilligung bed\u00fcrfen.<\/p>\n\n\n\n<p>Bitte beachten Sie, dass sich die Rechtgrundlage f\u00fcr die nachgelagerte Verarbeitung von personenbezogenen Daten, sodann aus der DSGVO ergibt. Die einschl\u00e4gigen Rechtsgrundlagen f\u00fcr die Verarbeitungen von personenbezogenen Daten auf dieser Webseite erhalten Sie im weiteren Verlauf dieser Datenschutzhinweise.<\/p>\n\n\n\n<h3 class=\"wp-block-heading\"><strong>Verarbeitung<\/strong> <\/h3>\n\n\n\n<p>Eine Verarbeitung ist jeder mit oder ohne Hilfe automatisierter Verfahren ausgef\u00fchrte Vorgang oder jede solche Vorgangsreihe im Zusammenhang mit personenbezogenen Daten. Darunter f\u00e4llt im Grunde jeglicher Umgang mit personenbezogenen Daten wie das Erheben, die Speicherung, die Ver\u00e4nderung, die Verwendung, die \u00dcbermittlung, die Verbreitung, das L\u00f6schen oder die Vernichtung von personenbezogenen Daten.<\/p>\n\n\n\n<h3 class=\"wp-block-heading\"><strong>Verantwortlicher<\/strong><\/h3>\n\n\n\n<p>Als Verantwortlicher gilt die nat\u00fcrliche oder juristische Person, Beh\u00f6rde, Einrichtung oder andere Stelle, die allein oder gemeinsam mit anderen \u00fcber die Zwecke und Mittel der Verarbeitung von personenbezogenen Daten entscheidet. Der Verantwortliche hat die Zul\u00e4ssigkeit der Datenverarbeitung durch den Einsatz von regelm\u00e4\u00dfig zu \u00fcberpr\u00fcfenden technischen und organisatorischen Ma\u00dfnahmen sicherzustellen.<\/p>\n\n\n\n<div class=\"wp-block-custom-spacing spacing-element spacing-mobile--medium spacing-tablet--medium spacing-small-desktop--medium spacing-desktop--medium\"><\/div>\n\n\n\n<h3 class=\"wp-block-heading\">Daten\u00fcbermittlung au\u00dferhalb der EU<\/h3>\n\n\n\n<p>Die DSGVO gew\u00e4hrleistet ein innerhalb der Europ\u00e4ischen Union gleich hohes Datenschutzniveau. Bei der Auswahl unserer Dienstleister setzen wir daher nach M\u00f6glichkeit auf europ\u00e4ische Partner, wenn Ihre personenbezogenen Daten verarbeitet werden sollen. Nur in Ausnahmef\u00e4llen werden wir Daten au\u00dferhalb der Europ\u00e4ischen Union im Rahmen der Inanspruchnahme von Diensten Dritter verarbeiten lassen.<\/p>\n\n\n\n<p>Wir lassen eine Verarbeitung Ihrer Daten in einem Drittland nur zu, wenn die besonderen Voraussetzungen der Art. 44 ff. DSGVO erf\u00fcllt sind. Das bedeutet, dass die Verarbeitung Ihrer Daten dann nur auf Grundlage besonderer Garantien erfolgen darf, wie etwa die von der EU-Kommission offiziell anerkannte Feststellung eines der EU entsprechenden Datenschutzniveaus oder die Beachtung offiziell anerkannter spezieller vertraglicher Verpflichtungen, der sogenannten \u201eStandard-Datenschutz-Klauseln\u201c.<\/p>\n\n\n\n<div class=\"wp-block-custom-spacing spacing-element spacing-mobile--small spacing-tablet--small spacing-small-desktop--small spacing-desktop--small\"><\/div>\n\n\n\n<h2 class=\"wp-block-heading\" class=\"wp-block-heading\" id=\"bei-der-nutzung-unserer-website-automatisch-erhobene-daten\">Bei der Nutzung unserer Website automatisch erhobene Daten<\/h2>\n\n\n\n<p>Bei der blo\u00df informatorischen Nutzung der Website, also wenn Sie sich nicht registrieren oder uns anderweitig Informationen \u00fcbermitteln, erheben wir nur die personenbezogenen Daten, die Ihr Browser an unseren Server \u00fcbermittelt. Eine Zusammenf\u00fchrung dieser Daten mit anderen Datenquellen wird, ohne Ihre Einwilligung, nicht vorgenommen.<\/p>\n\n\n\n<p>Wenn Sie unsere Website aufrufen, erheben wir die folgenden Daten, die f\u00fcr uns technisch erforderlich sind, um Ihnen unsere Webseite darzustellen und die Stabilit\u00e4t und Sicherheit zu gew\u00e4hrleisten:<\/p>\n\n\n\n<ul class=\"wp-block-list\">\n<li>IP-Adresse<\/li>\n\n\n\n<li>Verzeichnisschutzbenutzer<\/li>\n\n\n\n<li>Datum und Uhrzeit<\/li>\n\n\n\n<li>aufgerufene Seiten<\/li>\n\n\n\n<li>Protokolle<\/li>\n\n\n\n<li>Statuscode<\/li>\n\n\n\n<li>Datenmenge<\/li>\n\n\n\n<li>Referrer-URL (zuletzt besuchte Website)<\/li>\n\n\n\n<li>User Agent (Browser)<\/li>\n\n\n\n<li>aufgerufener Hostname.<\/li>\n<\/ul>\n\n\n\n<p>Die vor\u00fcbergehende Speicherung der IP-Adresse durch unser System ist erforderlich, um eine Auslieferung der Website an den Rechner des Nutzers zu erm\u00f6glichen. Hierf\u00fcr muss die IP-Adresse des Nutzers f\u00fcr die Dauer der Sitzung gespeichert bleiben.<\/p>\n\n\n\n<p>Eine tempor\u00e4re Speicherung bzw. Verarbeitung dieser sog. Server-Logdaten ist aus Gr\u00fcnden der Sicherstellung der Funktionsf\u00e4higkeit bzw. der technischen Sicherheit, insbesondere zur Abwehr und Verteidigung von Angriffs- bzw. Sch\u00e4digungsversuchen, unbedingt erforderlich und erfolgt mit unserem entsprechenden berechtigten Interesse, nach Art. 6 Abs.1 lit. f) DSGVO.<\/p>\n\n\n\n<div class=\"wp-block-custom-spacing spacing-element spacing-mobile--small spacing-tablet--small spacing-small-desktop--small spacing-desktop--small\"><\/div>\n\n\n\n<h2 class=\"wp-block-heading\" class=\"wp-block-heading\" id=\"ihre-betroffenen-rechte\">Ihre (Betroffenen-)Rechte<\/h2>\n\n\n\n<p>Nach der EU-Datenschutzgrundverordnung haben Sie als betroffene Person verschiedene Rechte, welche Sie an <a href=\"mailto:support@conreri.de\" target=\"_blank\" rel=\"noreferrer noopener\">support@conreri.de<\/a> geltend machen k\u00f6nnen. Diese werden Ihnen nachfolgend dargelegt:<\/p>\n\n\n\n<div class=\"wp-block-custom-spacing spacing-element spacing-mobile--small spacing-tablet--small spacing-small-desktop--small spacing-desktop--small\"><\/div>\n\n\n\n<h3 class=\"wp-block-heading\"><strong>Auskunftsrecht<\/strong><\/h3>\n\n\n\n<p>Sie k\u00f6nnen von uns eine Best\u00e4tigung dar\u00fcber verlangen, ob personenbezogene Daten, die Sie betreffen, von uns verarbeitet werden. Liegt eine solche Verarbeitung vor, k\u00f6nnen Sie von uns folgende Informationen erbitten:<\/p>\n\n\n\n<ul class=\"wp-block-list\">\n<li>die Zwecke, zu denen die personenbezogenen Daten verarbeitet werden;<\/li>\n\n\n\n<li>die Kategorien von personenbezogenen Daten, welche verarbeitet werden;<\/li>\n\n\n\n<li>die Empf\u00e4nger bzw. die Kategorien von Empf\u00e4ngern, gegen\u00fcber denen Ihre personenbe-zogenen Daten offengelegt wurden oder noch offengelegt werden;<\/li>\n\n\n\n<li>die geplante Dauer der Speicherung Ihrer personenbezogenen Daten oder, falls konkrete Angaben hierzu nicht m\u00f6glich sind, Kriterien f\u00fcr die Festlegung der Speicherdauer;<\/li>\n\n\n\n<li>das Bestehen eines Rechts auf Berichtigung oder L\u00f6schung Ihrer personenbezogenen Daten, eines Rechts auf Einschr\u00e4nkung der Verarbeitung durch den Verantwortlichen oder eines Widerspruchsrechts gegen diese Verarbeitung;<\/li>\n\n\n\n<li>das Bestehen eines Beschwerderechts bei einer Aufsichtsbeh\u00f6rde;<\/li>\n\n\n\n<li>alle verf\u00fcgbaren Informationen \u00fcber die Herkunft der Daten, wenn die personenbezogenen Daten nicht bei der betroffenen Person erhoben werden;<\/li>\n\n\n\n<li>das Bestehen einer automatisierten Entscheidungsfindung einschlie\u00dflich Profiling gem\u00e4\u00df Art. 22 Abs. 1 und 4 DSGVO und \u2013 zumindest in diesen F\u00e4llen \u2013 aussagekr\u00e4ftige Informationen \u00fcber die involvierte Logik sowie die Tragweite und die angestrebten Auswirkungen einer derartigen Verarbeitung f\u00fcr die betroffene Person<\/li>\n<\/ul>\n\n\n\n<p>Au\u00dferdem steht Ihnen das Recht zu, Auskunft dar\u00fcber zu verlangen, ob Ihre personenbezogenen Daten in ein Drittland oder an eine internationale Organisation \u00fcbermittelt werden. In diesem Zusammenhang k\u00f6nnen Sie verlangen, dass Sie \u00fcber die geeigneten Garantien, gem. Art. 46 DSGVO im Zusammenhang mit der \u00dcbermittlung unterrichtet werden.<\/p>\n\n\n\n<p>Sie haben zudem ein Recht auf Berichtigung und Vervollst\u00e4ndigung uns gegen\u00fcber, falls Ihre personenbezogenen Daten unrichtig oder unvollst\u00e4ndig sind.<\/p>\n\n\n\n<div class=\"wp-block-custom-spacing spacing-element spacing-mobile--small spacing-tablet--small spacing-small-desktop--small spacing-desktop--small\"><\/div>\n\n\n\n<h3 class=\"wp-block-heading\"><strong>Beschwerderecht bei der Aufsichtsbeh\u00f6rde<\/strong><\/h3>\n\n\n\n<p>Wenn Sie der Ansicht sind, dass die Verarbeitung Ihrer personenbezogenen Daten gegen die DSGVO verst\u00f6\u00dft, haben Sie ein Beschwerderecht bei der f\u00fcr uns zust\u00e4ndigen Aufsichtsbeh\u00f6rde:<\/p>\n\n\n\n<p><strong>Der Landesbeauftragte f\u00fcr den Datenschutz und die Informationsfreiheit Baden-W\u00fcrttemberg<\/strong> <br>Lautenschlagerstra\u00dfe 20 <br>70173 Stuttgart<br>Telefon: <a href=\"tel:+497116155410\">+49 711 615541-0<\/a><br>E-Mail: <a href=\"mailto:poststelle@lfdi.bwl.de\" target=\"_blank\" rel=\"noreferrer noopener\">poststelle@lfdi.bwl.de<\/a><br>Website: <a href=\"https:\/\/www.baden-wuerttemberg.datenschutz.de\/\" rel=\"nofollow noopener\" target=\"_blank\">https:\/\/www.baden-wuerttemberg.datenschutz.de\/<\/a><\/p>\n\n\n\n<p>Die Aufsichtsbeh\u00f6rde, bei der die Beschwerde eingereicht wurde, unterrichtet Sie \u00fcber den Stand und die Ergebnisse der Beschwerde einschlie\u00dflich der M\u00f6glichkeit eines gerichtlichen Rechtsbehelfs nach Art. 78 DSGVO.<\/p>\n\n\n\n<div class=\"wp-block-custom-spacing spacing-element spacing-mobile--small spacing-tablet--small spacing-small-desktop--small spacing-desktop--small\"><\/div>\n\n\n\n<h3 class=\"wp-block-heading\"><strong>Recht auf Einschr\u00e4nkung der Verarbeitung<\/strong> <\/h3>\n\n\n\n<p>Unter den folgenden Voraussetzungen k\u00f6nnen Sie die Einschr\u00e4nkung der Verarbeitung Ihrer personenbezogenen Daten verlangen:<\/p>\n\n\n\n<ul class=\"wp-block-list\">\n<li>wenn Sie die Richtigkeit Ihrer personenbezogenen Daten f\u00fcr eine Dauer bestreiten, die es dem Verantwortlichen erm\u00f6glicht, die Richtigkeit der personenbezogenen Daten zu \u00fcber-pr\u00fcfen;<\/li>\n\n\n\n<li>die Verarbeitung unrechtm\u00e4\u00dfig ist und Sie die L\u00f6schung der personenbezogenen Daten ablehnen und stattdessen die Einschr\u00e4nkung der Nutzung der personenbezogenen Daten verlangen;<\/li>\n\n\n\n<li>wir die personenbezogenen Daten f\u00fcr die Zwecke der Verarbeitung nicht l\u00e4nger ben\u00f6tigen, Sie diese jedoch zur Geltendmachung, Aus\u00fcbung oder Verteidigung von Rechtsanspr\u00fcchen ben\u00f6tigen, oder<\/li>\n\n\n\n<li>wenn Sie Widerspruch gegen die Verarbeitung gem\u00e4\u00df Art. 21 Abs. 1 DSGVO eingelegt haben und noch nicht feststeht, ob unsere berechtigten Gr\u00fcnde gegen\u00fcber Ihren Gr\u00fcnden \u00fcberwiegen.<\/li>\n<\/ul>\n\n\n\n<p>Wurde die Verarbeitung Ihrer personenbezogenen Daten eingeschr\u00e4nkt, d\u00fcrfen diese Daten \u2013 von ihrer Speicherung abgesehen \u2013 nur mit Ihrer Einwilligung oder zur Geltendmachung, Aus\u00fcbung oder Verteidigung von Rechtsanspr\u00fcchen oder zum Schutz der Rechte einer anderen nat\u00fcrlichen oder juristischen Person oder aus Gr\u00fcnden eines wichtigen \u00f6ffentlichen Interesses der Union oder eines Mitgliedstaats verarbeitet werden. Wurde die Verarbeitung nach den o.g. Voraussetzungen eingeschr\u00e4nkt, werden Sie von uns unterrichtet, bevor die Einschr\u00e4nkung aufgehoben wird.<\/p>\n\n\n\n<div class=\"wp-block-custom-spacing spacing-element spacing-mobile--small spacing-tablet--small spacing-small-desktop--small spacing-desktop--small\"><\/div>\n\n\n\n<h3 class=\"wp-block-heading\"><strong>Recht auf L\u00f6schung<\/strong> <\/h3>\n\n\n\n<p>Sie k\u00f6nnen von uns verlangen, dass Ihre personenbezogenen Daten unverz\u00fcglich gel\u00f6scht werden und wir sind verpflichtet, diese Daten unverz\u00fcglich zu l\u00f6schen, sofern einer der folgenden Gr\u00fcnde zutrifft:<\/p>\n\n\n\n<ul class=\"wp-block-list\">\n<li>Ihre personenbezogenen Daten sind f\u00fcr die Zwecke, f\u00fcr die sie erhoben oder auf sonstige Weise verarbeitet wurden, nicht mehr notwendig;<\/li>\n\n\n\n<li>Sie widerrufen Ihre Einwilligung, auf die sich die Verarbeitung gem. Art. 6 Abs. 1 lit. a) oder Art. 9 Abs. 2 lit. a) DSGVO st\u00fctzte und es fehlt an einer anderweitigen Rechtsgrundlage f\u00fcr die Verarbeitung;<\/li>\n\n\n\n<li>Sie legen gem. Art. 21 Abs. 1 DSGVO Widerspruch gegen die Verarbeitung ein und es liegen keine vorrangigen berechtigten Gr\u00fcnde f\u00fcr die Verarbeitung vor, oder Sie legen gem. Art. 21 Abs. 2 DSGVO Widerspruch gegen die Verarbeitung ein;<\/li>\n\n\n\n<li>Ihre personenbezogenen Daten wurden unrechtm\u00e4\u00dfig verarbeitet;<\/li>\n\n\n\n<li>Die L\u00f6schung Ihrer personenbezogenen Daten ist zur Erf\u00fcllung einer rechtlichen Verpflichtung nach dem Unionsrecht oder dem Recht der Mitgliedstaaten erforderlich, dem der Verantwortliche unterliegt;<\/li>\n\n\n\n<li>Ihre personenbezogenen Daten wurden in Bezug auf angebotene Dienste der Informationsgesellschaft gem\u00e4\u00df Art. 8 Abs. 1 DSGVO erhoben.<\/li>\n<\/ul>\n\n\n\n<div class=\"wp-block-custom-spacing spacing-element spacing-mobile--small spacing-tablet--small spacing-small-desktop--small spacing-desktop--small\"><\/div>\n\n\n\n<h3 class=\"wp-block-heading\"><strong>Das Recht auf L\u00f6schung besteht nicht, soweit die Verarbeitung erforderlich ist:<\/strong><\/h3>\n\n\n\n<ul class=\"wp-block-list\">\n<li>zur Aus\u00fcbung des Rechts auf freie Meinungs\u00e4u\u00dferung und Information;<\/li>\n\n\n\n<li>zur Erf\u00fcllung einer rechtlichen Verpflichtung, die die Verarbeitung nach dem Recht der Union oder der Mitgliedstaaten, dem der Verantwortliche unterliegt, erfordert, oder zur Wahrnehmung einer Aufgabe, die im \u00f6ffentlichen Interesse liegt oder in Aus\u00fcbung \u00f6ffentlicher Gewalt erfolgt, die dem Verantwortlichen \u00fcbertragen wurde;<\/li>\n\n\n\n<li>aus Gr\u00fcnden des \u00f6ffentlichen Interesses im Bereich der \u00f6ffentlichen Gesundheit gem\u00e4\u00df Art. 9 Abs. 2 lit. h und i sowie Art. 9 Abs. 3 DSGVO;<\/li>\n\n\n\n<li>f\u00fcr im \u00f6ffentlichen Interesse liegende Archivzwecke, wissenschaftliche oder historische Forschungszwecke oder f\u00fcr statistische Zwecke gem. Art. 89 Abs. 1 DSGVO, soweit das unter Abschnitt a) genannte Recht voraussichtlich die Verwirklichung der Ziele dieser Verarbeitung unm\u00f6glich macht oder ernsthaft beeintr\u00e4chtigt, oder zur Geltendmachung, Aus\u00fcbung oder Verteidigung von Rechtsanspr\u00fcchen.<\/li>\n<\/ul>\n\n\n\n<p>Haben Sie das Recht auf Berichtigung, L\u00f6schung oder Einschr\u00e4nkung der Verarbeitung uns gegen\u00fcber geltend gemacht, sind wir verpflichtet, allen Empf\u00e4ngern, denen Ihre personenbezogenen Daten offengelegt wurden, diese Berichtigung oder L\u00f6schung der Daten oder Einschr\u00e4nkung der Verarbeitung mitzuteilen, es sei denn, dies erweist sich als unm\u00f6glich oder ist mit einem unverh\u00e4ltnism\u00e4\u00dfigen Aufwand verbunden.<\/p>\n\n\n\n<div class=\"wp-block-custom-spacing spacing-element spacing-mobile--small spacing-tablet--small spacing-small-desktop--small spacing-desktop--small\"><\/div>\n\n\n\n<h3 class=\"wp-block-heading\"><strong>Recht auf Daten\u00fcbertragbarkeit<\/strong> <\/h3>\n\n\n\n<p>Sie haben das Recht, Ihre personenbezogenen Daten, die Sie uns bereitgestellt haben, in einem strukturierten, g\u00e4ngigen und maschinenlesbaren Format zu erhalten. Au\u00dferdem haben Sie das Recht, diese Daten einem anderen Verantwortlichen ohne Behinderung durch uns zu \u00fcbermitteln, sofern<\/p>\n\n\n\n<ul class=\"wp-block-list\">\n<li>die Verarbeitung auf einer Einwilligung gem. Art. 6 Abs. 1 lit. a) DSGVO oder Art. 9 Abs. 2 lit. a) DSGVO oder auf einem Vertrag gem. Art. 6 Abs. 1 lit. b) DSGVO beruht und<\/li>\n\n\n\n<li>die Verarbeitung mithilfe automatisierter Verfahren erfolgt.<\/li>\n<\/ul>\n\n\n\n<p>In Aus\u00fcbung dieses Rechts haben Sie ferner das Recht, zu erwirken, dass Ihre personenbezogenen Daten direkt von uns einem anderen Verantwortlichen \u00fcbermittelt werden, soweit dies technisch machbar ist. Freiheiten und Rechte anderer Personen d\u00fcrfen hierdurch nicht beeintr\u00e4chtigt werden. Das Recht auf Daten\u00fcbertragbarkeit gilt nicht f\u00fcr eine Verarbeitung personenbezogener Daten, die f\u00fcr die Wahrnehmung einer Aufgabe erforderlich sind, die im \u00f6ffentlichen Interesse liegt oder in Aus\u00fcbung \u00f6ffentlicher Gewalt erfolgt, die dem Verantwortlichen \u00fcbertragen wurde.<\/p>\n\n\n\n<div class=\"wp-block-custom-spacing spacing-element spacing-mobile--small spacing-tablet--small spacing-small-desktop--small spacing-desktop--small\"><\/div>\n\n\n\n<h2 class=\"wp-block-heading\" class=\"wp-block-heading\" id=\"weitere-datenverarbeitungen\">Weitere Datenverarbeitungen<\/h2>\n\n\n\n<h3 class=\"wp-block-heading\"><strong>Einwilligungsmanagement Usercentrics<\/strong><\/h3>\n\n\n\n<p>Diese Website verwendet die Einwilligungstechnologie von Usercentrics, um Ihre Zustimmung zur Speicherung bestimmter Cookies auf Ihrem Endger\u00e4t oder zum Einsatz bestimmter Technologien einzuholen und dies datenschutzkonform zu dokumentieren. Der Anbieter dieser Technologie ist die Usercentrics GmbH, Sendlinger Stra\u00dfe 7, 80331 M\u00fcnchen, Deutschland, Website: <a href=\"https:\/\/usercentrics.com\/de\/\" target=\"_blank\" rel=\"noreferrer noopener nofollow\">https:\/\/usercentrics.com\/de\/<\/a> (im Folgenden \u201eUsercentrics\u201c). Wenn Sie unsere Website besuchen, werden die folgenden personenbezogenen Daten an Usercentrics \u00fcbermittelt:<\/p>\n\n\n\n<ul class=\"wp-block-list\">\n<li>Ihre Einwilligung(en) oder der Widerruf Ihrer Einwilligung(en)  <\/li>\n\n\n\n<li>Ihre IP-Adresse  <\/li>\n\n\n\n<li>Informationen \u00fcber Ihren Browser  <\/li>\n\n\n\n<li>Informationen \u00fcber Ihr Endger\u00e4t  <\/li>\n\n\n\n<li>Zeitpunkt Ihres Besuchs auf der Website  <\/li>\n\n\n\n<li>Geolokalisierung  <\/li>\n<\/ul>\n\n\n\n<p>Au\u00dferdem speichert Usercentrics ein Cookie in Ihrem Browser, um die von Ihnen erteilten Einwilligungen zuordnen oder widerrufen zu k\u00f6nnen. Die so erhobenen Daten werden so lange gespeichert, bis Sie uns zur L\u00f6schung auffordern, das Usercentrics-Cookie selbst l\u00f6schen oder der Zweck f\u00fcr die Speicherung der Daten entf\u00e4llt. Gesetzlich vorgeschriebene Aufbewahrungspflichten bleiben davon unber\u00fchrt.    <\/p>\n\n\n\n<p>Usercentrics wird verwendet, um die gesetzlich vorgeschriebene Zustimmung f\u00fcr die Verwendung bestimmter Technologien zu erhalten. Die Rechtsgrundlage hierf\u00fcr ist Art. 6 Absatz. 1 lit. c) GDPR. Wir haben einen Vertrag zur Auftragsverarbeitung f\u00fcr die Nutzung des oben genannten Dienstes abgeschlossen.      <\/p>\n\n\n\n<h3 class=\"wp-block-heading\">HubSpot<\/h3>\n\n\n\n<p>Diese Website verwendet die HubSpot-Software des gleichnamigen US-Softwareunternehmens mit einer Niederlassung in Irland, HubSpot, 2nd Floor 30 North Wall Quay, Dublin 1, Irland. HubSpot ist eine Softwarel\u00f6sung f\u00fcr die Verwaltung und Umsetzung von Inbound Marketing. Die gespeicherten Informationen werden auf den Servern von HubSpot gespeichert. Sie k\u00f6nnen von uns verwendet werden, um Besucher unserer Website zu kontaktieren und um festzustellen, welche der Dienstleistungen unseres Unternehmens f\u00fcr Sie von Interesse sind. Wir verwenden alle gesammelten Informationen ausschlie\u00dflich zur Optimierung unseres Marketings. Weitere Informationen finden Sie in den Nutzungsbedingungen und den Datenschutzrichtlinien von HubSpot Inc. unter <a href=\"https:\/\/legal.hubspot.com\/de\/terms-of-service\/\" target=\"_blank\" data-type=\"link\" data-id=\"https:\/\/legal.hubspot.com\/de\/terms-of-service\/\" rel=\"noreferrer noopener nofollow\">https:\/\/legal.hubspot.com\/de\/terms-of-service\/<\/a> und unter <a href=\"https:\/\/legal.hubspot.com\/privacy-policy\/\" target=\"_blank\" rel=\"noreferrer noopener nofollow\">https:\/\/legal.hubspot.com\/de\/privacy-policy\/<\/a>.<\/p>\n\n\n\n<p>Wir ben\u00f6tigen Hubspot f\u00fcr eine effiziente und schnelle Bearbeitung von Nutzeranfragen. Die Grundlage f\u00fcr die Datenverarbeitung ist Art. 6 Abs. 1 Lit. f) DSGVO, der die Verarbeitung von Daten zur Wahrung der berechtigten Interessen des f\u00fcr die Verarbeitung Verantwortlichen gestattet, sofern nicht die Interessen oder Grundrechte und -freiheiten der betroffenen Person \u00fcberwiegen.<\/p>\n\n\n\n<div class=\"wp-block-custom-spacing spacing-element spacing-mobile--small spacing-tablet--small spacing-small-desktop--small spacing-desktop--small\"><\/div>\n\n\n\n<h3 class=\"wp-block-heading\"><strong>Kontakt-Formular<\/strong> <\/h3>\n\n\n\n<p>Wenn Sie mit uns Kontakt aufnehmen, steht Ihnen auf unserer Website ein Kontaktformular zur Verf\u00fcgung, mit dem Sie uns elektronisch kontaktieren k\u00f6nnen. Die in der Eingabemaske eingegebenen Daten werden an uns \u00fcbermittelt und gespeichert. Diese Daten sind    <\/p>\n\n\n\n<ul class=\"wp-block-list\">\n<li>Vorname<\/li>\n\n\n\n<li>Nachname<\/li>\n\n\n\n<li>Firma<\/li>\n\n\n\n<li>Telefonnummer<\/li>\n\n\n\n<li>PLZ<\/li>\n\n\n\n<li>Ort<\/li>\n\n\n\n<li>E-Mail<\/li>\n\n\n\n<li>Land<\/li>\n\n\n\n<li>Ihre Nachricht an uns<\/li>\n\n\n\n<li>Wie haben Sie uns kennengelernt<\/li>\n<\/ul>\n\n\n\n<p>Die folgenden Daten werden ebenfalls zum Zeitpunkt des Versendens der Nachricht gespeichert:<\/p>\n\n\n\n<ul class=\"wp-block-list\">\n<li>IP-Adresse des Benutzers<\/li>\n\n\n\n<li>Benutzer-Agent  <\/li>\n<\/ul>\n\n\n\n<p>Sie k\u00f6nnen uns auch \u00fcber die angegebene E-Mail-Adresse kontaktieren. In diesem Fall werden die mit der E-Mail \u00fcbermittelten pers\u00f6nlichen Daten des Benutzers gespeichert. Die Rechtsgrundlage f\u00fcr die Verarbeitung der Kontaktanfrage und deren Bearbeitung ist regelm\u00e4\u00dfig Art. 6 Abs. 1 S.1 lit. b) DSGVO, zus\u00e4tzlich Art. 6 Absatz. 1 S.1 lit. f) DSGVO.<\/p>\n\n\n\n<div class=\"wp-block-custom-spacing spacing-element spacing-mobile--small spacing-tablet--small spacing-small-desktop--small spacing-desktop--small\"><\/div>\n\n\n\n<h3 class=\"wp-block-heading\"><strong>Werbung per E-Mail, Telefon und Brief<\/strong> <\/h3>\n\n\n\n<p>Wir verwenden Ihre Kontaktdaten f\u00fcr Werbung, wenn Sie in diese eingewilligt haben (Art. 6 Abs. 1 lit. a) DSGVO), sowie zur gesetzlich zul\u00e4ssigen Direktwerbung f\u00fcr eigene und verwandte Services, wenn Sie diese bei Ihrer Bestellung oder Registrierung angegeben haben (Art. 6 Abs. 1 lit. f) DSGVO in Verbindung mit \u00a7 7 Abs. 3 UWG).<\/p>\n\n\n\n<p>Falls Sie keine Werbung mehr w\u00fcnschen, k\u00f6nnen Sie Ihre Einwilligung jederzeit widerrufen oder der Direktwerbung widersprechen<\/p>\n\n\n\n<ul class=\"wp-block-list\">\n<li>durch einen Klick auf den Abmelde-Link am Ende der E-Mail<\/li>\n<\/ul>\n\n\n\n<ul class=\"wp-block-list\">\n<li>per E-Mail an <a href=\"mailto:support@conreri.de\" target=\"_blank\" rel=\"noreferrer noopener\">support@conreri.de<\/a> <\/li>\n<\/ul>\n\n\n\n<ul class=\"wp-block-list\">\n<li>schriftlich an unsere zu Beginn genannte Unternehmensanschrift (bitte Ihren Namen und Ihre Kontaktdaten angeben)<\/li>\n<\/ul>\n\n\n\n<ul class=\"wp-block-list\">\n<li>oder telefonisch \u00fcber die zu Beginn genannte Telefonnummer<\/li>\n<\/ul>\n\n\n\n<div class=\"wp-block-custom-spacing spacing-element spacing-mobile--small spacing-tablet--small spacing-small-desktop--small spacing-desktop--small\"><\/div>\n\n\n\n<h2 class=\"wp-block-heading\" class=\"wp-block-heading\" id=\"einbindung-von-drittanbieter-inhalten\">Einbindung von Drittanbieter-Inhalten<\/h2>\n\n\n\n<p>Wir binden auf verschiedenen Artikelseiten und Unterseiten auf Grundlage Ihrer Einwilligung (nach Art. 6 Abs. 1 lit. a) DSGVO) Inhalte von anderen Webseiten ein. Diese Inhalte sind standardm\u00e4\u00dfig inaktiv, sie k\u00f6nnen aber durch Sie aktiviert werden. Durch diese Einbindung ist es m\u00f6glich, die Ausschnitte, Beitr\u00e4ge und insbesondere Videos direkt auf unserer Webseite aufzurufen.<br><br>Auch wenn Sie in die Nutzung des jeweiligen Anbieters des Externen Inhalts nicht eingewilligt haben, haben Sie die M\u00f6glichkeit bei jedem eingebetteten Beitrag oder Video eine direkte Einwilligung f\u00fcr den jeweiligen Inhalt zu geben. Diese Einwilligung k\u00f6nnen Sie jederzeit in unseren Datenschutz-Einstellungen wieder r\u00fcckg\u00e4ngig machen.<br><br>Wenn Sie in die Darstellung des externen Inhalts eingewilligt haben oder einen Social Media Button nutzen, kann der Anbieter Cookies setzen und Daten zur statistischen Auswertung erheben. Bei Einbettung von Inhalten von Facebook wird nach Angaben der jeweiligen Anbieter in Deutschland die IP-Adresse sofort nach Erhebung anonymisiert. Youtube verwendet die Cookies dabei unter anderem zur Erfassung zuverl\u00e4ssiger Videostatistiken, zur Vermeidung von Betrug und zur Verbesserung der Nutzerfreundlichkeit. Durch die Aktivierung des Externen Inhalts, entweder direkt beim Aufruf der Seite oder direkt beim jeweiligen Beitrag, werden personenbezogene Daten zum jeweiligen Anbieter \u00fcbermittelt und dort (bei US-amerikanischen Anbietern in den USA) gespeichert.<br><br>Wir haben weder Einfluss auf die erhobenen Daten und Datenverarbeitungsvorg\u00e4nge, noch sind uns der volle Umfang der Datenerhebung, die Zwecke der Verarbeitung, die Speicherfristen bekannt. Auch zur L\u00f6schung der erhobenen Daten durch den Plug-in-Anbieter liegen uns keine Informationen vor.<br>Wenn ein Inhalt \u00fcber einen Social-Media-Anbieter eingebunden wird oder Sie den jeweiligen Soci-al-Media-Button nutzen, werden die \u00fcber Sie erhobenen Daten als Nutzungsprofil gespeichert und f\u00fcr Zwecke der Werbung, Marktforschung und \/ oder bedarfsgerechter Gestaltung der Social-Media-Seite genutzt. Eine solche Auswertung erfolgt insbesondere (auch f\u00fcr nicht eingeloggte Nutzer) zur Darstellung von bedarfsgerechter Werbung und um andere Nutzer des sozialen Netzwerks \u00fcber Ihre Aktivit\u00e4ten auf unserer Website zu informieren. Ihnen steht ein Widerspruchsrecht gegen die Bildung dieser Nutzerprofile zu, wobei Sie sich zur Aus\u00fcbung dessen an den jeweiligen Anbieter wenden m\u00fcssen. Die Datenweitergabe erfolgt unabh\u00e4ngig davon, ob Sie ein Konto bei dem Social-Media-Anbieter besitzen und dort eingeloggt sind.<br><br>Wir binden Inhalte von nachfolgenden externen Anbietern ein. Unter den folgenden Links k\u00f6nnen Sie sich \u00fcber die Datenschutzhinweise der einzelnen Drittanbieter informieren:   <\/p>\n\n\n\n<ul class=\"wp-block-list\">\n<li>Inhalte von YouTube: Mit dem YouTube-Player integrieren wir Videos aus seinen YouTube-Channels oder Videos anderer Anbieter in das Internetangebot. Zu den Datenschutzhinweisen von Google: <a href=\"https:\/\/support.google.com\/youtube\/answer\/2801895?hl=de\" target=\"_blank\" rel=\"noreferrer noopener nofollow\">https:\/\/support.google.com\/youtube\/answer\/2801895?hl=de<\/a><\/li>\n\n\n\n<li>Inhalte von Instagram: Die \u00bbEmbed\u00ab-Funktion von Instagram erm\u00f6glicht, Bilder und Videos von Instagram in unser Angebot zu integrieren. Zu den Datenschutzhinweisen von Instagram: <a href=\"https:\/\/www.instagram.com\/legal\/privacy\/\" target=\"_blank\" rel=\"noreferrer noopener nofollow\">https:\/\/www.instagram.com\/legal\/privacy\/<\/a><\/li>\n<\/ul>\n\n\n\n<div class=\"wp-block-custom-spacing spacing-element spacing-mobile--small spacing-tablet--small spacing-small-desktop--small spacing-desktop--small\"><\/div>\n\n\n\n<h2 class=\"wp-block-heading\" class=\"wp-block-heading\" id=\"praesenzen-in-den-sozialen-medien\">Pr\u00e4senzen in den Sozialen Medien<\/h2>\n\n\n\n<p>Wir unterhalten Auftritte in den \u201eSozialen Medien\u201c. Soweit wir die Kontrolle \u00fcber die Verarbeitung Ihrer Daten haben, stellen wir sicher, dass die geltenden Datenschutzbestimmungen eingehalten werden. Nachfolgend finden Sie in Bezug auf unsere Unternehmensauftritte die wichtigsten Informationen zum Datenschutz.<\/p>\n\n\n\n<p>Verantwortlich f\u00fcr die Unternehmensauftritte im Sinne der EU-Datenschutz-Grundverordnung (DSGVO) sowie sonstiger datenschutzrechtlicher Bestimmungen sind neben uns:<\/p>\n\n\n\n<ul class=\"wp-block-list\">\n<li>Meta Platforms (Meta Platforms Ireland Limited, 4 Grand Canal Square, Grand Canal Har-bour, Dublin 2, Irland)<\/li>\n\n\n\n<li>Instagram (Meta Platforms Ireland Limited, 4 Grand Canal Square, Grand Canal Harbour, Dublin 2, Irland)<\/li>\n\n\n\n<li>LinkedIn (LinkedIn Ireland Unlimited Company, Wilton Place, Dublin 2, Irland)<\/li>\n\n\n\n<li>Xing (New Work SE, Am Strandkai 1, 20457 Hamburg)<\/li>\n<\/ul>\n\n\n\n<p>Diese Plattformen und ihre Funktionen nutzen Sie in eigener Verantwortung. Dies gilt insbesondere f\u00fcr die Nutzung der interaktiven Funktionen (z.B. kommentieren, teilen, bewerten). Wir weisen Sie darauf hin, dass dabei Ihre personenbezogenen Daten au\u00dferhalb des Raumes der Europ\u00e4ischen Union verarbeitet werden k\u00f6nnen.<br><br>Die Verarbeitung Ihrer personenbezogenen Daten durch uns erfolgt auf Grundlage unserer berechtigten Interessen an einer effektiven Information und Kommunikation gem. Art. 6 Abs. 1 S. 1 lit. f) DSGVO.<br><br>Da wir keinen vollst\u00e4ndigen Zugriff auf Ihre personenbezogenen Daten haben, sollten Sie sich bei der Geltendmachung Ihrer Betroffenenrechte direkt an die Anbieter der Sozialen Medien wenden, denn diese haben jeweils Zugriff auf die personenbezogenen Daten ihrer Nutzer und k\u00f6nnen entsprechende Ma\u00dfnahmen ergreifen und Ausk\u00fcnfte geben.<br><br>Sollten Sie dennoch Hilfe ben\u00f6tigen, versuchen wir Sie nat\u00fcrlich zu unterst\u00fctzen.<\/p>\n\n\n\n<div class=\"wp-block-custom-spacing spacing-element spacing-mobile--small spacing-tablet--small spacing-small-desktop--small spacing-desktop--small\"><\/div>\n\n\n\n<h2 class=\"wp-block-heading\" class=\"wp-block-heading\" id=\"analyse-tracking-und-drittanbieter\">Analyse, Tracking und Drittanbieter<\/h2>\n\n\n\n<p>Um unser Digitalangebot anbieten zu k\u00f6nnen, Ihnen die Inhalte technisch auf der Webseite bereit-zustellen, die Sicherheit der Webseite zu gew\u00e4hrleisten, m\u00f6gliche Fehler zu beheben und um Analysen durchzuf\u00fchren, setzen wir und unsere Partner bestimmte Cookies und \u00e4hnliche Technologien ein.<br><br>Hierzu verarbeiten wir und unsere Partner (\u201eAnbieter\u201c) personenbezogene Daten wie Ihre IP-Adresse oder auch ID- und Browserinformationen. Die Rechtsgrundlage f\u00fcr diese Verarbeitungen ist Ihre freiwillige und jederzeit widerrufbare Einwilligung gem\u00e4\u00df Art. 6 Abs. 1 S. 1 lit. a) DSGVO.<br><br>In einigen F\u00e4llen verarbeiten wir oder unsere Partner (\u201eAnbieter\u201c) Ihre Daten auf der Rechtsgrundlage des berechtigten Interesses, nach Art. 6 Abs. 1 S. 1 lit. f) DSGVO. Hierbei liegen unsere berechtigten Interessen unter anderem in der session-basierten Reichweitenmessung, sowie in dem Ausspielen von Bezahlschranken, die f\u00fcr den Betrieb und die Refinanzierung unseres Digitalangebotes unbedingt erforderlich sind.<\/p>\n\n\n\n<p>Ein Teil unserer Dienstleister verarbeitet Ihre Daten au\u00dferhalb der Europ\u00e4ischen Union. Wir lassen eine Verarbeitung Ihrer Daten in einem Drittland nur zu, wenn die besonderen Voraussetzungen der Art. 44 ff. DSGVO erf\u00fcllt sind. Das bedeutet, dass die Verarbeitung Ihrer Daten dann nur auf Grundlage besonderer Garantien erfolgen darf, wie etwa die von der EU-Kommission offiziell anerkannte Feststellung eines der EU entsprechenden Datenschutzniveaus oder die Beachtung offiziell anerkannter spezieller vertraglicher Verpflichtungen, der sogenannten \u201eStandard-Datenschutz-Klauseln\u201c.<\/p>\n\n\n\n<div class=\"wp-block-custom-spacing spacing-element spacing-mobile--medium spacing-tablet--medium spacing-small-desktop--medium spacing-desktop--medium\"><\/div>\n\n\n\n<h3 class=\"wp-block-heading\"><strong>Zwecke der Datenverarbeitung<\/strong> <\/h3>\n\n\n\n<p>Im Rahmen unseres Webangebotes verfolgen wir und unsere Partner (\u201eAnbieter\u201c) die nachfolgende beschriebenen Zwecke:<\/p>\n\n\n\n<ul class=\"wp-block-list\">\n<li><strong>Essenziell<\/strong>: Diese Technologien sind erforderlich, um die wesentlichen Funktionen unseres Dienstes zu aktivieren.<br><\/li>\n\n\n\n<li><strong>Funktionell<\/strong>: Diese Technologien erm\u00f6glichen es uns, das Nutzungsverhalten zu analysieren, um die Leistungsf\u00e4higkeit unserer Website zu messen und zu <br>verbessern.<br><\/li>\n\n\n\n<li><strong>Marketing<\/strong>: Diese Technologien werden von Werbetreibenden verwendet, um Anzeigen zu schalten, die f\u00fcr Ihre Interessen relevant sind.<\/li>\n<\/ul>\n\n\n\n<p>Informationen zu den Tools, die f\u00fcr die beschriebenen Zwecke verwendet werden, finden Sie direkt in unseren<strong><em> <\/em>Datenschutz-Einstellungen<em> <\/em><\/strong>unten.<\/p>\n\n\n\n<h2 class=\"wp-block-heading\" class=\"wp-block-heading\" id=\"datenschutz-einstellungen\">Datenschutz-Einstellungen<\/h2>\n\n\n\n<p>Ihre Zustimmung zu einwilligungsbed\u00fcrftigen Datenverarbeitungen, zum Beispiel zum Werbetracking, k\u00f6nnen Sie jederzeit in den Datenschutz-Einstellungen anpassen und widerrufen.<\/p>\n\n\n\n<a href=\"#\" onclick=\"UC_UI.showSecondLayer();\">Datenschutz-Einstellungen<\/a>\n\n\n\n<script type=\"application\/javascript\">\n  var UC_UI_SUPPRESS_CMP_DISPLAY = true;\n<\/script>\n<\/div><\/div><\/section>\n","protected":false},"excerpt":{"rendered":"","protected":false},"author":1,"featured_media":0,"parent":0,"menu_order":0,"comment_status":"closed","ping_status":"closed","template":"","meta":{"_acf_changed":false,"footnotes":""},"class_list":["post-2914","page","type-page","status-publish","hentry"],"acf":[],"_links":{"self":[{"href":"https:\/\/primion.io\/de\/wp-json\/wp\/v2\/pages\/2914","targetHints":{"allow":["GET"]}}],"collection":[{"href":"https:\/\/primion.io\/de\/wp-json\/wp\/v2\/pages"}],"about":[{"href":"https:\/\/primion.io\/de\/wp-json\/wp\/v2\/types\/page"}],"author":[{"embeddable":true,"href":"https:\/\/primion.io\/de\/wp-json\/wp\/v2\/users\/1"}],"replies":[{"embeddable":true,"href":"https:\/\/primion.io\/de\/wp-json\/wp\/v2\/comments?post=2914"}],"version-history":[{"count":4,"href":"https:\/\/primion.io\/de\/wp-json\/wp\/v2\/pages\/2914\/revisions"}],"predecessor-version":[{"id":10104,"href":"https:\/\/primion.io\/de\/wp-json\/wp\/v2\/pages\/2914\/revisions\/10104"}],"wp:attachment":[{"href":"https:\/\/primion.io\/de\/wp-json\/wp\/v2\/media?parent=2914"}],"curies":[{"name":"wp","href":"https:\/\/api.w.org\/{rel}","templated":true}]}}